{"id":60,"date":"2011-09-30T10:38:19","date_gmt":"2011-09-30T10:38:19","guid":{"rendered":"http:\/\/provaafi.wordpress.com\/?page_id=60"},"modified":"2025-04-15T17:36:06","modified_gmt":"2025-04-15T17:36:06","slug":"cariche","status":"publish","type":"page","link":"https:\/\/www.aiplaforisma.org\/?page_id=60","title":{"rendered":"Nomi e curricula dei consiglieri"},"content":{"rendered":"<p><!--\n\n\n<p style=\"text-align: center;\"><span style=\"display: inline-block; width: 0px; overflow: hidden; line-height: 0;\" data-mce-type=\"bookmark\" class=\"mce_SELRES_start\"><\/span><span data-mce-type=\"bookmark\" style=\"display: inline-block; width: 0px; overflow: hidden; line-height: 0;\" class=\"mce_SELRES_start\"><\/span><span style=\"font-size: medium;\"><strong>Nomi e Curricula dei Consiglieri e Soci Fondatori<\/strong><\/span><\/p>\n\n\n--><\/p>\n<p style=\"text-align: left;\"><strong>ANNA ANTOLISEI<\/strong><\/p>\n<p>Anna Antolisei \u00e8 nata, vive e lavora a Torino. Esordisce giovanissima nel giornalismo presso il quotidiano torinese \u201cLa Gazzetta del Popolo\u201d (Dir. Giorgio Vecchiato) nel \u201867\/\u201968 e collabora sino alla definitiva chiusura del giornale. Scrive in seguito su riviste letterarie e specializzate in argomenti correlati alla comunicazione in ogni sua forma informativa e culturale.<br \/>\nE\u2019 fondatrice nel 1991 dell\u2019Associazione \u201cL\u2019Arte di Esprimersi\u201d e ne detiene la Presidenza sino al 1996. Per conto dell\u2019Associazione sovrintende all\u2019organizzazione di numerose manifestazioni letterarie e artistiche (Torino, Roma, Napoli, Capri, Milano, Reggio Calabria): scrive contemporaneamente recensioni e critiche all\u2019opera di svariati autori dell\u2019arte contemporanea.<br \/>\nNel 1993 entra alla Sezione Editoriale dell\u2019ENEL S.p.a. dove si occupa della revisione testi per le pubblicazioni dell\u2019editrice artistica ed universitaria \u201cTeknos\u201d prima nelle versioni cartacee e, in seguito, nelle nuove forme ipertestuali. Le viene contemporaneamente affidata dal \u201994 al \u201996 la cura della rubrica <strong>\u201c<\/strong><em>A tu per tu<\/em><strong>\u201d<\/strong> sulla rivista \u201cIllustrazione\u201d.<br \/>\nPubblica nel dicembre \u201994 il primo libro di narrativa Per troppo amore, per troppo odio (Ed. Teknos) presentato nel maggio \u201995 alla Fiera del Libro di Torino.<br \/>\nNel dicembre \u201998 cura la pubblicazione di <em>Aforismi URLati<\/em> (F\u00f2gola Editore), una raccolta di massime inedite interamente pervenute e diffuse in prima istanza via Internet. Con il medesimo editore pubblica nel 2001 <em>Aforismi URLati 2<\/em>.<br \/>\nNel 2003 esce sulla Grande Rete la sua opera ipertestuale <em>Voce del Verbo Vivere<\/em><strong>.<\/strong><br \/>\nNel marzo 2004, presso l\u2019editore \u201cLietoColle\u201d, viene pubblicato il suo poemetto dal titolo <em>Il Muro<\/em> e, un mese pi\u00f9 tardi, la terza antologia di massime inedite dal titolo <em>L\u2019Albero degli Aforismi<\/em>, Edizioni LietoColle. D\u00e0 poi alla stampa la raccolta di poesie <em>Sono solo impressioni<\/em> con Genesi Edizioni.<br \/>\nE\u2019 stato pubblicato, nel 2004, il suo romanzo poliziesco <em>L\u2019altra faccia della Luna<\/em><strong>,<\/strong> F\u00f2gola Editore. Nel 2005, la raccolta di poesie <em>Dialoghi dell\u2019Es<\/em> che accompagna i quadri di Elena Piacentini. Sempre nel 2005 diviene la curatrice della Collana di narrativa <strong><em>\u201c<\/em><\/strong>Et nunc Imprimatur<strong><em>\u201d<\/em><\/strong> per le Edizioni LietoColle.<br \/>\nNel 2006 pubblica con F\u00f2gola Editore il romanzo <em>A mani nude<\/em> \u2013 Nel 2008 il romanzo <em>Madre Indomita<\/em> e nel 2010, sempre con il medesimo editore, il romanzo <em>Caccia all\u2019innocente<\/em> assieme al coautore Sergio Bonziglia.<br \/>\nDa diversi anni \u00e8 impegnata nella lotta per la libert\u00e0 di espressione come socia del P.E.N. Club Italiano e del Centro P.E.N. Svizzero.<br \/>\nE\u2019 tra i fondatori dell\u2019Associazione <strong>\u201c<\/strong>Elogio della Poesia<strong>\u201d.<\/strong> E\u2019 responsabile culturale dell\u2019Associazione \u201cIl Mondo delle Idee\u201d.<br \/>\nE\u2019 fondatrice e Presidente del Premio Internazionale per l\u2019Aforisma \u201cTorino in Sintesi\u201d. E\u2019 altres\u00ec Vicepresidente del Premio Internazionale per la poesia \u201cRodolfo Valentino; sogni ad occhi aperti\u201d.<\/p>\n<p>**<\/p>\n<p dir=\"ltr\"><strong>FABRIZIO CARAMAGNA<\/strong><\/p>\n<p dir=\"ltr\"><a href=\"https:\/\/fabriziocaramagna.com\/\">Fabrizio Caramagna<\/a> \u00e8 nato a Torino il 23 settembre 1969. Si laurea nel 1994 in Lettere Moderne con una tesi sul poeta torinese Guido Gozzano. E\u2019 studioso del genere aforistico e scrittore di aforismi.<br \/>\nE&#8217; fondatore del blog <a href=\"https:\/\/aforisticamente.com\/\" target=\"_blank\" rel=\"noopener\">Aforisticamente<\/a>,\u00a0 laboratorio di letture e scrittura sull&#8217;aforisma contemporaneo nel mondo e della collana editoriale <a href=\"http:\/\/www.genesi.org\/libri-collana-aforisticamente-127.html\" target=\"_blank\" rel=\"noopener\">Aforisticamente<\/a>.<\/p>\n<p dir=\"ltr\">Ha curato i seguenti libri:<br \/>\n&#8211;\u00a0 Valeriu Butulescu, <em>Oasi di sabbia &#8211; aforismi<\/em> con traduzione di Alina Breje (Genesi Editrice, Torino, 2011).<br \/>\n&#8211; <em>Afocalypse, Antologia dell&#8217;aforisma serbo contemporaneo<\/em>, con traduzione di Fabrizio Caramagna e Olja Arsic (Aforisticamente, Torino, 2012).<br \/>\n&#8211; Carlo Gragnani, <em>Aforismi 1989-2010<\/em> (Aforisticamente, Torino, 2012)<br \/>\n&#8211; <em>Poeti e aforisti in Finlandia,<\/em> con traduzione di Antonio Parente e Laura Casati, Edizioni del foglio clandestino, 2013<\/p>\n<p dir=\"ltr\">Ha altres\u00ec contribuito a creare un ponte e un\u2019agevole via di comunicazione tra gli aforisti italiani e quelli di altre nazioni aventi diverse tradizioni e dissimili modelli di scrittura aforistica. A tal riguardo ha curato la Antologia bilingue (rumeno-italiano con traduzione di Simona Enache) <em>Aforismul \u00een Italia \u2013 Antologia Premiului &#8220;Torino in Sintesi&#8221;,<\/em> (Editura Focus, Petro\u015fani Romania, 2011) e ha contribuito alla antologia di aforisti italiani <em><a href=\"http:\/\/cuadrivio.net\/2012\/09\/fragmentos-del-mundo-el-aforismo-italiano\/\" target=\"_blank\" rel=\"noopener\">Fragmentos de mundo: el aforismo italiano <\/a><\/em>apparsa sulla rivista messicana Cuadrivio (curata dallo scrittore e studioso del genere aforistico Hiram Barrios) e all&#8217;antologia di aforisti italiani e spagnoli <em>Posos<\/em> curata dallo scrittore spagnolo Fernando Men\u00e9ndez (Gjion, 2012).<\/p>\n<p dir=\"ltr\">Come scrittore di aforismi ha pubblicato:<br \/>\n<em>Contagocce<\/em> (Genesi Editrice, Torino, 2009).<br \/>\n<em>Linee di seta<\/em> (Lietocolle, Como, 2012).<br \/>\nLa sua opera ha ricevuto\u00a0 numerosi premi e menzioni tra cui la menzione d&#8217;onore al Premio Internazionale per l&#8217;Aforisma &#8220;Torino in Sintesi&#8221;, ediz. 2010,\u00a0 il premio letterario del Circolo Aforistico di Belgrado &#8220;Zlatni Krug&#8221; (&#8220;Cerchio d&#8217;oro&#8221;) per la diffusione dell&#8217;aforisma serbo (Belgrado, 2009) e la\u00a0 menzione d&#8217;onore al &#8220;Premio Naji Naaman&#8221; (&#8220;Jaw\u00e2&#8217;iz Naji Naaman al-Adab\u00eeyya&#8221;, 2011).<br \/>\nSuoi aforismi, editi e inediti, sono stati tradotti in serbo (rivista quadrimestrale <a href=\"http:\/\/aforisticamente.wordpress.com\/2010\/05\/04\/contagocce-sulla-rivista-knjizevni-pregled\/\" target=\"_blank\" rel=\"noopener\">Knji\u009eevni pregled<\/a>, 2010), in arabo (antologia libanese Naji Naman 2011), in rumeno (antologia Aforismul in Italia, 2011), in francese (Revue Point Barre, nr. 11-12 2011), in spagnolo (Cuadrivio,\u00a0Messico, 2012)\u00a0e in polacco (Aforyzmy o dogmatach, Miniatura, 2011 a cura di Mieczys\u0142aw Koz\u0142owski) e Metafora, Kwartalnik literacko-artystyczny nr 2 2012 (83) (a cura di Wojciech Wiercioch).<\/p>\n<p dir=\"ltr\">Sul sito <a href=\"http:\/\/aphorismundi.com\/portraits\/entretien-fabrizio-caramagna\/\">aphorismimundi<\/a> ha rilasciato una intervista dove parla di aforismi e scritture brevi.<\/p>\n<p dir=\"ltr\">**<\/p>\n<p><strong>MARIA GRAZIA CASAGRANDE<\/strong><\/p>\n<p>Maria Grazia Casagrande vive e lavora a Torino dove ha conseguito la Laurea in Lingue e Letterature Straniere.<br \/>\nNel 2005 ha pubblicato con la casa editrice l&#8217;Harmattan Italia la raccolta di poesie <em>Le ginocchia s<\/em><em>bucciat<\/em><em>e<\/em><strong>.<\/strong> Collabora con recensioni di libri di narrativa e poesia a diverse riviste letterarie on-line.<br \/>\nHa pubblicato le seguenti recensioni:<br \/>\n&#8211; Per Alessandro Cora, la raccolta di poesie <em>Poi qualcuno mi dir\u00e0 cos&#8217;\u00e8 l&#8217;amore<\/em> &#8211; l&#8217;Harmattan Italia editore.<br \/>\n&#8211; Per Allegra Nasi il racconto Fantasy <em>L&#8217;ultimo dei Vanderloo<\/em> &#8211; Sovera edizioni<br \/>\n&#8211; Per Serena Avezza, il racconto <em>Il filo rosso del destino <\/em>&#8211; Uni service libro edizioni<br \/>\n&#8211; Per Andr\u00e9 Aciman, <em>Chiamami col tuo nome <\/em>&#8211; Guanda edizioni.<br \/>\nHa lavorato per l&#8217;artista albanese Artan Shabani curando una recensione per una sua opera provocatoria intitolata <em>La bambola<\/em>.<br \/>\nHa curato la recensione per <em>Torino sommersa<\/em> opera del pittore torinese Andrea Gatti e per l&#8217;opera <em>&#8216;Istmi&#8217;<\/em> del musicista Sandro Masoni.<br \/>\nContinua la sua produzione di poesie, e parallelamente lavora alla stesura di un romanzo. Si dedica allo studio del canto e rappresenta spettacoli itineranti in collaborazione con vari Artisti.<\/p>\n<p>**<\/p>\n<p><strong>SANDRO MONTALTO<\/strong><\/p>\n<p>Sandro Montalto \u00e8 Direttore Editoriale delle Edizioni Joker, e delle riviste \u00abLa clessidra\u00bb (rivista di cultura letteraria) e \u00abCortocircuito\u00bb (semestrale di cultura ludica). \u00c8 redattore e collaboratore di molte riviste letterarienazionali e internazionali (\u00abIl Segnale\u00bb, \u00abHebenon\u00bb, \u00abPoesia\u00bb, \u00abTestuale\u00bb, \u00abAtelier\u00bb, \u00abT\u00e9chne\u00bb, \u00abClandestino\u00bb, \u00abCultura &amp; Libri\u00bb, \u00abBloc notes\u00bb, \u00abTesto\u00bb, \u00abLa Battana\u00bb, \u00abP\u00f2iesis\u00bb, \u00abAlla bottega\u00bb, etc.); scrive inoltre su<br \/>\nvolumi collettanei e su alcuni giornali.<br \/>\nFa parte della giuria di alcuni premi letterari, ed \u00e8 giurato e direttore tecnico del premio internazionale di aforistica \u201cTorino in sintesi\u201d, nonch\u00e9 vicepresidente della \u201cAssociazione Italiana per l\u2019Aforisma\u201d.<br \/>\nQueste le sue pubblicazioni in volume:<br \/>\n\u2022 Scribacchino, Joker, Novi Ligure 2000 (poesia)<br \/>\n\u2022 <em>Compendio di eresia<\/em>, Joker, Novi Ligure 2004 (saggi sulla poesia contemporanea)<br \/>\n\u2022 L\u2019eclissi della chimera, Joker, Novi Ligure 2005 (aforismi)<br \/>\n\u2022 <em>Pause nel silenzio<\/em>, Signum, Bollate 2006 (poesia)<br \/>\n\u2022 <em>Crolli emotivi<\/em>, Lietocolle, Faloppio 2006 (prose; nuova edizione riveduta e accresciuta Cento Autori, Villaricca NA 2010)<br \/>\n\u2022 <em>Esequie del tempo<\/em>, Manni, Lecce 2006 (poesia)<br \/>\n\u2022 <em>Beckett e Keaton<\/em>: il comico e l\u2019angoscia di esistere, Edizioni dell\u2019Orso, Alessandria 2006, con una nota di Paolo Bertinetti (saggio; in corso di stampa negli Stati Uniti)<br \/>\n\u2022 <em>Forme concrete della poesia contemporanea<\/em>, Joker, Novi Ligure 2008 (saggi sulla poesia contemporanea)<br \/>\n\u2022 <em>Tradizione e ricerca nella poesia contemporanea<\/em>, Joker, Novi Ligure 2008 (saggi sulla poesia contemporanea)<br \/>\n\u2022 <em>Monologhi di coppia<\/em>, Joker, Novi Ligure 2010, con prefazione di Paolo Bosisio (teatro)<br \/>\n\u2022 <em>Un grosso apostrofo<\/em>, FUOCOfuochino, Viadana 2010 (prose)<br \/>\n\u2022 <em>lentinsetti<\/em>, Pulcinoelefante, Osnago 2011, con immagine di Tania Lorandi (poesia)<br \/>\n\u2022 <em>Il segno del labirinto<\/em>, Edizioni La Vita Felice, Milano 2011 (poesia)<\/p>\n<p>Ha inoltre curato molti volumi, tra i quali <em>Umberto Eco: l\u2019uomo che sapeva troppo<\/em> (ETS, Pisa 2009), <em>Fallire ancora, fallire meglio. Percorsi nell\u2019opera di Samuel Beckett<\/em> (Joker, Novi Ligure<br \/>\n2009), e <em>Temperamento Sanguineti<\/em> (Joker, Novi Ligure 2011; con Tania Lorandi).<br \/>\nHa scritto alcuni testi teatrali. Ha vinto premi per la poesia, per la critica e per il teatro (tra gli altri, Premio \u201cErnesto Calindri\u201d 2008 per la commedia <em>Monologhi di coppia<\/em> rappresentata nel dicembre 2008 al Piccolo Teatro \u201cGiorgio Strehler\u201d-Scatola Magica di Milano).<br \/>\nCome musicista, dopo aver studiato pianoforte per molti anni, al momento studia Strumentazione per Banda presso il Conservatorio di Torino, e Direzione di Coro e Composizione privatamente. E\u2019<br \/>\nattivo come direttore di cori e compositore.<br \/>\nAttivo nel mondo della \u2018Patafisica, \u00e8 membro del \u201cCollage de \u2018Pataphysique\u201d presso il quale riveste la carica di Reggente di &#8216;Patafisica Applicata, Blablabla &amp; Mateologia, e dell\u2019Autoclave di Estrazioni \u2018Patafisiche.<br \/>\nHa ideato alcuni libri-oggetto tra i quali <em>l\u2019Aforismario da gioco<\/em> (2010).<br \/>\nHa pubblicato anche diversi scritti di argomento musicale e cinematografico su riviste specializzate(\u00abSuonoSonda\u00bb, \u00abMusicheria\u00bb, \u00abCostruzioni Psicoanalitiche\u00bb, \u00abArts and Artifacts in Movies\u00bb etc.).<\/p>\n<p>**<\/p>\n<p dir=\"ltr\"><strong>CHICCA MORONE<\/strong><\/p>\n<p>Chicca Morone \u00e8 nata a Milano il 21 febbraio 1950 e vive a Torino. Scrittrice, poetessa, librettista e giornalista pubblicista, ha collaborato con Il Giornale dell\u2019arte e l\u2019inserto culturale de Il Sole-24 Ore prima di debuttare in campo letterario con il romanzo epistolare<em> Napoleone mio dolcissimo, Giuseppina amica mia <\/em>(Bompiani 1989) scritto con Sergio Abeatici.<br \/>\nHanno fatto seguito <em>Sola sotto il sole<\/em> (Sonzogno 1990); <em>L\u2019Altro<\/em> (Bompiani 1991); <em>Sette Madri<\/em> (Bompiani 1993); la raccolta di racconti <em>Luna d\u2019Amore<\/em> (Fogola 1994); <em>Oltre, Luna d\u2019Amore, Stelle cadenti<\/em> (Petrini libreria 1995); Roghi, rospi e ricette (Esagono 1996), <em>Eterna Luna<\/em> (Alpha Dimensione Vita 2000) e <em>Il soffio della luna <\/em>(Psiche 2007). In ambito poetico ha pubblicato numerose opere per i tipi del PulcinoElefante; con Genesi la raccolta di poesie <em>Plenilunio d\u2019autunno<\/em> (2003) e <em>Lo specchio e il sogno<\/em> (2004) raccolta di haiku illustrati da Enrico Colombotto Rosso; nel 2006 con lo stesso artista ha realizzato in tiratura artistica limitata le raccolte poetiche\u3000<em>Virt\u00f9 dei vizi, Lo zoo di Enrico, Amor ch\u2019a nullo amato, In vino veritas, Eresie erotiche<\/em> (2007) e il racconto iniziatico <em>Pesco in fiore <\/em>(2007) con Giuseppe Attini. Nel 2010 <em>Madre Luna<\/em> e nel 2011 <em>Noi Dee; Noi, le Dee e Noi e la Dea.<\/em><br \/>\nDal 1994 \u00e8 presidente fondatrice de &#8220;Il Mondo delle Idee&#8221;, associazione culturale rivolta a coloro che intendono approfondire la ricerca simbolico spirituale.<br \/>\nHa partecipato a Firenze alla presentazione del manifesto del <em>Mitomodernismo<\/em>, corrente letteraria che vuole mettere in luce i simboli legati al mito nella realt\u00e0 contemporanea.<br \/>\nHa collaborato alla realizzazione della mostra fotografica <em>Lo sguardo di Narciso<\/em> il cui catalogo <em>Rodolfo Valentino. Una mitologia per immagini<\/em>, ideato e scritto con Antonio Miredi, ha ricevuto riconoscimenti internazionali.<br \/>\nPer Il Mondo delle Idee ha ideato e realizzato le mostre collettive <em>MagicaLuna<\/em> (2003), <em>Il bosco magico<\/em> (2004) e in collaborazione con il PEN Club Italiano la personale di Luigi Mariani <em>Dal ferro all\u2019oro<\/em> (2004) e <em>L\u2019albero d\u2019oro<\/em> (2009) curandone di tutte i cataloghi.<br \/>\nHa operato in ambito teatrale facendo rappresentare in prima al teatro Le Laudi a Firenze nel 1997 <em>Stelle cadenti<\/em> tratto dall\u2019opera omonima; nel 2005 i monologhi, riveduti e corretti, sono stati messi in scena al teatro Carignano di Torino con il titolo <em>Tra le ali dell\u2019Angelo<\/em>.<br \/>\nNel 2009 ha scritto il libretto dell\u2019opera lirica <em>Mister Pinkerton<\/em> composta dal maestro Oddenino e, nel 2011, <em>Saffo, una donna fuori dal tempo<\/em> composta dal maestro Sergio Merletti: in entrambe suona le crystal bowls come solista.<br \/>\nNegli ultimi anni ha collaborato con Il Sole &#8211; 24 Ore Nord Ovest ritraendo grafologicamente i personaggi pi\u00f9 rappresentativi del mondo finanziario e imprenditoriale.<br \/>\nPresiede il premio <em>Rodolfo Valentino-Sogni ad occhi aperti<\/em> ed \u00e8 vicepresidente del premio per l\u2019aforisma <em>Torino in sintesi.<\/em><\/p>\n<p dir=\"ltr\">**<\/p>\n<p><strong>GINO RUOZZI<\/strong><\/p>\n<p>Gino Ruozzi (1958) \u00e8 professore associato confermato di Letteratura italiana nella Facolt\u00e0 di Lettere e Filosofia dell&#8217;Universit\u00e0 di Bologna. Dal 2001-2002 \u00e8 docente del Dottorato di ricerca in Civilt\u00e0 dell&#8217;Umanesimo e del Rinascimento dell&#8217;Universit\u00e0 di Firenze e del Dottorato di ricerca in Italianistica dell&#8217;Universit\u00e0 di Bologna.<br \/>\nI suoi studi sono in particolare rivolti alla tradizione italiana ed europea delle forme brevi: aforismi, pensieri, massime, epigrammi, favole, apologhi, bestiari, facezie, dal Medioevo al Novecento. In particolare Leon Battista Alberti, Francesco Guicciardini, Francesco Algarotti, Giacomo Casanova, Giacomo Leopardi, Niccol\u00f2 Tommaseo, Umberto Saba, Leo Longanesi, Ennio Flaiano, Gesualdo Bufalino, Giuseppe Pontiggia.<br \/>\nHa collaborato con diversi editori italiani (Arnoldo Mondadori, Einaudi, Rizzoli, Bruno Mondadori, Carocci) e con prestigiose riviste internazionali come \u201cStudi e Problemi di Critica Testuale\u201d e <strong><em>\u201c<\/em><\/strong>Italianistica<em>\u201d)<\/em><em>.<\/em><br \/>\nHa pubblicato <em>Francesco Algarotti Pensieri diversi<\/em> (Milano, Angeli, 1987); <em>Ludovico Carbone Facezie e Dialogo de la partita soa<\/em> (Bologna, Commissione per i testi di lingua, 1989); Forme brevi. <em>Pensieri, massime e aforismi nel Novecento italiano<\/em> (Pisa, Goliardica, 1992), <em>Scrittori italiani di aforismi<\/em> (2 volumi, Milano, \u00abI Meridiani\u00bb Mondadori, 1994-1996); <em>Configurazioni dell&#8217;aforisma<\/em> (Bologna, Clueb, 2000); <em>Francesco Burdin Un milione di giorni<\/em> (Venezia, Marsilio, 2001); <em>Niccol\u00f2 Tommaseo Pensieri morali<\/em> (Bologna, Il Mulino, 2001); <em>Epigrammi italiani<\/em> (Torino, Einaudi, 2001); <em>Favole, apologhi e bestiari<\/em> (Milano, Rizzoli Bur, 2007); <em>Luigi Pirandello Aforismi<\/em> (Milano, Rizzoli Bur, 2007); <em>Teoria e storia dell&#8217;aforisma<\/em> (Milano, Bruno Mondadori, 2004); <em>Aforismi d&#8217;Oriente<\/em> (Bologna, Gedit, 2007); e con Gian Mario Anselmi Luoghi della letteratura italiana (Milano, Bruno Mondadori, 2003); <em>Oggetti della letteratura italiana<\/em> (Roma, Carocci, 2008); <em>Animali della letteratura italiana<\/em> (Roma, Carocci, 2009); <em>Letteratura di guerra. Testi, eventi, protagonisti dell&#8217;arte della guerra dall&#8217;Umanesimo al Risorgimento<\/em>, a cura di G. M. Anselmi e G. Ruozzi, Bologna, Archetipolibri, 2010; <em>Traditions et cr\u00e9ativit\u00e9 dans les formes gnomiques en Italie et en Europe du Nord (xiv-xvii si\u00e8cles<\/em> ), \u00e9tudes r\u00e9unies par P. Galland, G. Ruozzi, S. Verhulst, J. Vignes, Turnhout (Belgium), Brepols, 2011.<\/p>\n","protected":false},"excerpt":{"rendered":"<p>ANNA ANTOLISEI Anna Antolisei \u00e8 nata, vive e lavora a Torino. Esordisce giovanissima nel giornalismo presso il quotidiano torinese \u201cLa Gazzetta del Popolo\u201d (Dir. Giorgio Vecchiato) nel \u201867\/\u201968 e collabora sino alla definitiva chiusura del giornale. Scrive in seguito su riviste letterarie e specializzate in argomenti correlati alla comunicazione in ogni sua forma informativa e &#8230; <a title=\"Nomi e curricula dei consiglieri\" class=\"read-more\" href=\"https:\/\/www.aiplaforisma.org\/?page_id=60\" aria-label=\"Per saperne di pi\u00f9 su Nomi e curricula dei consiglieri\">Leggi tutto<\/a><\/p>\n","protected":false},"author":1,"featured_media":0,"parent":8,"menu_order":0,"comment_status":"closed","ping_status":"closed","template":"","meta":{"footnotes":""},"class_list":["post-60","page","type-page","status-publish"],"_links":{"self":[{"href":"https:\/\/www.aiplaforisma.org\/index.php?rest_route=\/wp\/v2\/pages\/60","targetHints":{"allow":["GET"]}}],"collection":[{"href":"https:\/\/www.aiplaforisma.org\/index.php?rest_route=\/wp\/v2\/pages"}],"about":[{"href":"https:\/\/www.aiplaforisma.org\/index.php?rest_route=\/wp\/v2\/types\/page"}],"author":[{"embeddable":true,"href":"https:\/\/www.aiplaforisma.org\/index.php?rest_route=\/wp\/v2\/users\/1"}],"replies":[{"embeddable":true,"href":"https:\/\/www.aiplaforisma.org\/index.php?rest_route=%2Fwp%2Fv2%2Fcomments&post=60"}],"version-history":[{"count":14,"href":"https:\/\/www.aiplaforisma.org\/index.php?rest_route=\/wp\/v2\/pages\/60\/revisions"}],"predecessor-version":[{"id":2193,"href":"https:\/\/www.aiplaforisma.org\/index.php?rest_route=\/wp\/v2\/pages\/60\/revisions\/2193"}],"up":[{"embeddable":true,"href":"https:\/\/www.aiplaforisma.org\/index.php?rest_route=\/wp\/v2\/pages\/8"}],"wp:attachment":[{"href":"https:\/\/www.aiplaforisma.org\/index.php?rest_route=%2Fwp%2Fv2%2Fmedia&parent=60"}],"curies":[{"name":"wp","href":"https:\/\/api.w.org\/{rel}","templated":true}]}}